{"id":1521,"date":"2022-05-25T21:48:56","date_gmt":"2022-05-25T19:48:56","guid":{"rendered":"https:\/\/artisan-antiquites.be\/accueil\/"},"modified":"2022-05-25T21:48:56","modified_gmt":"2022-05-25T19:48:56","slug":"accueil","status":"publish","type":"page","link":"https:\/\/artisan-antiquites.be\/en\/accueil\/","title":{"rendered":"Accueil"},"content":{"rendered":"<h3>Plus de 30 ans d\u2019exp\u00e9rience dans la vente et la restauration de meubles anciens et de collection.<\/h3>\n<p>\t\t\t<a href=\"http:\/\/artisan-antiquites.be\/services\/\">D\u00e9couvrez nos services<\/a>\t\t<\/p>\n<h5>\u00c0 la recherche d\u2019un artisan sp\u00e9cialis\u00e9 en restauration de meubles anciens?<\/h5>\n<p>Un artisan \u00e9b\u00e9niste sp\u00e9cialiste en <a href=\"https:\/\/artisan-antiquites.be\/en\/services\/restauration-de-meubles-de-collection\/\">restauration de meubles de collection<\/a> et la <a href=\"https:\/\/artisan-antiquites.be\/en\/services\/vente-de-meubles-de-collection-restaures\/\">vente meubles d\u2019antiquit\u00e9 et d\u2019art<\/a> ?<\/p>\n<p>Samuel Dobbelaere, artisan \u00e9b\u00e9niste, met son savoir-faire de plus de 30 ans \u00e0 votre service. Perfectionniste, il redonnera \u00e0 votre meuble ancien une nouvelle vie tout en respectant son origine.<\/p>\n<h3>D\u00e9couvrez quelques exemples de mobiliers de collection disponibles dans notre galerie<\/h3>\n<p>\t\t\t\t\t\t\t\t\t\t\t\t\t\t\t<img loading=\"lazy\" decoding=\"async\" width=\"1024\" height=\"683\" src=\"https:\/\/artisan-antiquites.be\/wp-content\/uploads\/2022\/05\/8-CHAISES-ET-FAUTEUIL-LOUIS-XIII-PI-5-1024x683.jpg\" alt=\"\" loading=\"lazy\" srcset=\"https:\/\/artisan-antiquites.be\/wp-content\/uploads\/2022\/05\/8-CHAISES-ET-FAUTEUIL-LOUIS-XIII-PI-5-1024x683.jpg 1024w, https:\/\/artisan-antiquites.be\/wp-content\/uploads\/2022\/05\/8-CHAISES-ET-FAUTEUIL-LOUIS-XIII-PI-5-300x200.jpg 300w, https:\/\/artisan-antiquites.be\/wp-content\/uploads\/2022\/05\/8-CHAISES-ET-FAUTEUIL-LOUIS-XIII-PI-5-768x512.jpg 768w, https:\/\/artisan-antiquites.be\/wp-content\/uploads\/2022\/05\/8-CHAISES-ET-FAUTEUIL-LOUIS-XIII-PI-5-1536x1024.jpg 1536w, https:\/\/artisan-antiquites.be\/wp-content\/uploads\/2022\/05\/8-CHAISES-ET-FAUTEUIL-LOUIS-XIII-PI-5-2048x1365.jpg 2048w, https:\/\/artisan-antiquites.be\/wp-content\/uploads\/2022\/05\/8-CHAISES-ET-FAUTEUIL-LOUIS-XIII-PI-5-scaled.jpg 1920w\" sizes=\"auto, (max-width: 1024px) 100vw, 1024px\" \/><br \/>\n\t\t\t\t\t\t\t\t\t\t\t\t\t\t\t<img loading=\"lazy\" decoding=\"async\" width=\"1024\" height=\"683\" src=\"https:\/\/artisan-antiquites.be\/wp-content\/uploads\/2022\/05\/MIROIR-DORE-Meuble-mobilier-artisan-antiquites-001-1024x683.jpg\" alt=\"\" loading=\"lazy\" srcset=\"https:\/\/artisan-antiquites.be\/wp-content\/uploads\/2022\/05\/MIROIR-DORE-Meuble-mobilier-artisan-antiquites-001-1024x683.jpg 1024w, https:\/\/artisan-antiquites.be\/wp-content\/uploads\/2022\/05\/MIROIR-DORE-Meuble-mobilier-artisan-antiquites-001-300x200.jpg 300w, https:\/\/artisan-antiquites.be\/wp-content\/uploads\/2022\/05\/MIROIR-DORE-Meuble-mobilier-artisan-antiquites-001-768x512.jpg 768w, https:\/\/artisan-antiquites.be\/wp-content\/uploads\/2022\/05\/MIROIR-DORE-Meuble-mobilier-artisan-antiquites-001-1536x1024.jpg 1536w, https:\/\/artisan-antiquites.be\/wp-content\/uploads\/2022\/05\/MIROIR-DORE-Meuble-mobilier-artisan-antiquites-001-2048x1365.jpg 2048w, https:\/\/artisan-antiquites.be\/wp-content\/uploads\/2022\/05\/MIROIR-DORE-Meuble-mobilier-artisan-antiquites-001-scaled.jpg 1920w\" sizes=\"auto, (max-width: 1024px) 100vw, 1024px\" \/><br \/>\n\t\t\t\t\t\t\t\t\t\t\t\t\t\t\t<img loading=\"lazy\" decoding=\"async\" width=\"1024\" height=\"683\" src=\"https:\/\/artisan-antiquites.be\/wp-content\/uploads\/2022\/05\/COMMODE-GALBEE-FLORENTINE-ITALIENNE-19EME001-1024x683.jpg\" alt=\"\" loading=\"lazy\" srcset=\"https:\/\/artisan-antiquites.be\/wp-content\/uploads\/2022\/05\/COMMODE-GALBEE-FLORENTINE-ITALIENNE-19EME001-1024x683.jpg 1024w, https:\/\/artisan-antiquites.be\/wp-content\/uploads\/2022\/05\/COMMODE-GALBEE-FLORENTINE-ITALIENNE-19EME001-300x200.jpg 300w, https:\/\/artisan-antiquites.be\/wp-content\/uploads\/2022\/05\/COMMODE-GALBEE-FLORENTINE-ITALIENNE-19EME001-768x512.jpg 768w, https:\/\/artisan-antiquites.be\/wp-content\/uploads\/2022\/05\/COMMODE-GALBEE-FLORENTINE-ITALIENNE-19EME001-1536x1024.jpg 1536w, https:\/\/artisan-antiquites.be\/wp-content\/uploads\/2022\/05\/COMMODE-GALBEE-FLORENTINE-ITALIENNE-19EME001-2048x1365.jpg 2048w, https:\/\/artisan-antiquites.be\/wp-content\/uploads\/2022\/05\/COMMODE-GALBEE-FLORENTINE-ITALIENNE-19EME001-scaled.jpg 1920w\" sizes=\"auto, (max-width: 1024px) 100vw, 1024px\" \/><br \/>\n\t\t\t<a href=\"http:\/\/artisan-antiquites.be\/galerie-de-mobiliers-de-collection\/\">Galerie de mobiliers de collection<\/a>\t\t<\/p>\n<h6>Nos services<\/h6>\n<h3>Du rafra\u00eechissement \u00e0 la restauration profonde de votre meuble de collection<\/h3>\n<p>Que ce soit pour une restauration l\u00e9g\u00e8re de votre mobilier d\u2019art pour en conserver au maximum son origine ou pour une restauration profonde de votre meuble de collection (greffe de placage ou encore d\u00e9polissage), votre meuble de collection sera dans les mains d\u2019un artisan d\u2019antiquit\u00e9s qui respectera votre meuble ancien. <\/p>\n<h3>Vente de mobiliers anciens (restaur\u00e9s ou non)<br \/>\n<\/h3>\n<p>Au fil de ses 30 ann\u00e9es d\u2019exp\u00e9rience en tant qu\u2019\u00e9b\u00e9niste et technicien du bois, Samuel Dobbelaere a l\u2019\u0153il pour trouver le meuble de collection. Vous \u00eates \u00e0 la recherche d\u2019un meuble ancien sp\u00e9cifique\u00a0? Vous cherchez un meuble de collection dans un style pr\u00e9cis\u00a0? Nous avons de nombreux meubles de collection restaur\u00e9s ou non \u00e0 vous proposer. Quelques exemples\u00a0? Secr\u00e9taires, consoles, coffres, coiffeuses, vitrines, tables, bureaux, chaises, miroirs. Et ceci dans des styles et \u00e9poques vari\u00e9s\u00a0: italien, fran\u00e7ais, allemand, hollandais, Haute \u00e9poque, gothique, Charles X, Louis XV et XVI, en bois dor\u00e9, marqueterie, acajou, bois de rose, ch\u00eane, noyer, orne, etc.<\/p>\n<h2>Vente de mobiliers de collection restaur\u00e9s ou non<\/h2>\n<p>\t\t\t<a href=\"https:\/\/artisan-antiquites.be\/en\/vente-meuble-de-collection-antiquite\/\">D\u00e9couvrez nos ventes<\/a>\t\t<\/p>\n<h2>Vous souhaitez conna\u00eetre davantage l\u2019artisan Samuel Dobbelaere\u00a0?<br \/>\n<\/h2>\n<p>\t\t\t<a href=\"http:\/\/artisan-antiquites.be\/qui-sommes-nous\/\">D\u00e9couvrez son parcours<\/a><\/p>\n","protected":false},"excerpt":{"rendered":"<p>Plus de 30 ans d\u2019exp\u00e9rience dans la vente et la restauration de meubles anciens et de collection. D\u00e9couvrez nos services \u00c0 la recherche d\u2019un artisan sp\u00e9cialis\u00e9 en restauration de meubles anciens? Un artisan \u00e9b\u00e9niste sp\u00e9cialiste en restauration de meubles de collection et la vente meubles d\u2019antiquit\u00e9 et d\u2019art ? Samuel Dobbelaere, artisan \u00e9b\u00e9niste, met son&hellip;<\/p>\n","protected":false},"author":1,"featured_media":0,"parent":0,"menu_order":0,"comment_status":"closed","ping_status":"closed","template":"","meta":{"footnotes":""},"class_list":["post-1521","page","type-page","status-publish","hentry","description-off"],"yoast_head":"<!-- This site is optimized with the Yoast SEO plugin v22.5 - https:\/\/yoast.com\/wordpress\/plugins\/seo\/ -->\n<title>Accueil - Artisan antiquit\u00e9s<\/title>\n<meta name=\"description\" content=\"Vous souhaitez acheter du mobilier d&#039;antiquit\u00e9 ? Vous recherchez un meuble de collection \u00e0 prix raisonnable ? Un meuble ancien restaur\u00e9 ou non ? Fiez-vous \u00e0 artisan antiquit\u00e9s.\" \/>\n<meta name=\"robots\" content=\"index, follow, max-snippet:-1, max-image-preview:large, max-video-preview:-1\" \/>\n<link rel=\"canonical\" href=\"https:\/\/artisan-antiquites.be\/en\/accueil\/\" \/>\n<meta property=\"og:locale\" content=\"en_US\" \/>\n<meta property=\"og:type\" content=\"article\" \/>\n<meta property=\"og:title\" content=\"Accueil - Artisan antiquit\u00e9s\" \/>\n<meta property=\"og:description\" content=\"Vous souhaitez acheter du mobilier d&#039;antiquit\u00e9 ? Vous recherchez un meuble de collection \u00e0 prix raisonnable ? Un meuble ancien restaur\u00e9 ou non ? Fiez-vous \u00e0 artisan antiquit\u00e9s.\" \/>\n<meta property=\"og:url\" content=\"https:\/\/artisan-antiquites.be\/en\/accueil\/\" \/>\n<meta property=\"og:site_name\" content=\"Artisan antiquit\u00e9s\" \/>\n<meta property=\"og:image\" content=\"https:\/\/artisan-antiquites.be\/wp-content\/uploads\/2022\/05\/8-CHAISES-ET-FAUTEUIL-LOUIS-XIII-PI-5-1024x683.jpg\" \/>\n<meta name=\"twitter:card\" content=\"summary_large_image\" \/>\n<meta name=\"twitter:label1\" content=\"Est. reading time\" \/>\n\t<meta name=\"twitter:data1\" content=\"2 minutes\" \/>\n<script type=\"application\/ld+json\" class=\"yoast-schema-graph\">{\"@context\":\"https:\/\/schema.org\",\"@graph\":[{\"@type\":\"WebPage\",\"@id\":\"https:\/\/artisan-antiquites.be\/en\/accueil\/\",\"url\":\"https:\/\/artisan-antiquites.be\/en\/accueil\/\",\"name\":\"Accueil - Artisan antiquit\u00e9s\",\"isPartOf\":{\"@id\":\"https:\/\/artisan-antiquites.be\/en\/#website\"},\"primaryImageOfPage\":{\"@id\":\"https:\/\/artisan-antiquites.be\/en\/accueil\/#primaryimage\"},\"image\":{\"@id\":\"https:\/\/artisan-antiquites.be\/en\/accueil\/#primaryimage\"},\"thumbnailUrl\":\"https:\/\/artisan-antiquites.be\/wp-content\/uploads\/2022\/05\/8-CHAISES-ET-FAUTEUIL-LOUIS-XIII-PI-5-1024x683.jpg\",\"datePublished\":\"2022-05-25T19:48:56+00:00\",\"dateModified\":\"2022-05-25T19:48:56+00:00\",\"description\":\"Vous souhaitez acheter du mobilier d'antiquit\u00e9 ? Vous recherchez un meuble de collection \u00e0 prix raisonnable ? Un meuble ancien restaur\u00e9 ou non ? Fiez-vous \u00e0 artisan antiquit\u00e9s.\",\"breadcrumb\":{\"@id\":\"https:\/\/artisan-antiquites.be\/en\/accueil\/#breadcrumb\"},\"inLanguage\":\"en-US\",\"potentialAction\":[{\"@type\":\"ReadAction\",\"target\":[\"https:\/\/artisan-antiquites.be\/en\/accueil\/\"]}]},{\"@type\":\"ImageObject\",\"inLanguage\":\"en-US\",\"@id\":\"https:\/\/artisan-antiquites.be\/en\/accueil\/#primaryimage\",\"url\":\"https:\/\/artisan-antiquites.be\/wp-content\/uploads\/2022\/05\/8-CHAISES-ET-FAUTEUIL-LOUIS-XIII-PI-5-1024x683.jpg\",\"contentUrl\":\"https:\/\/artisan-antiquites.be\/wp-content\/uploads\/2022\/05\/8-CHAISES-ET-FAUTEUIL-LOUIS-XIII-PI-5-1024x683.jpg\"},{\"@type\":\"BreadcrumbList\",\"@id\":\"https:\/\/artisan-antiquites.be\/en\/accueil\/#breadcrumb\",\"itemListElement\":[{\"@type\":\"ListItem\",\"position\":1,\"name\":\"Accueil\",\"item\":\"https:\/\/artisan-antiquites.be\/en\/\"},{\"@type\":\"ListItem\",\"position\":2,\"name\":\"Accueil\"}]},{\"@type\":\"WebSite\",\"@id\":\"https:\/\/artisan-antiquites.be\/en\/#website\",\"url\":\"https:\/\/artisan-antiquites.be\/en\/\",\"name\":\"Artisan antiquit\u00e9s\",\"description\":\"Restauration et vente de mobiliers d&#039;antiquit\u00e9 et de collection\",\"publisher\":{\"@id\":\"https:\/\/artisan-antiquites.be\/en\/#organization\"},\"potentialAction\":[{\"@type\":\"SearchAction\",\"target\":{\"@type\":\"EntryPoint\",\"urlTemplate\":\"https:\/\/artisan-antiquites.be\/en\/?s={search_term_string}\"},\"query-input\":\"required name=search_term_string\"}],\"inLanguage\":\"en-US\"},{\"@type\":\"Organization\",\"@id\":\"https:\/\/artisan-antiquites.be\/en\/#organization\",\"name\":\"Artisan antiquit\u00e9s\",\"url\":\"https:\/\/artisan-antiquites.be\/en\/\",\"logo\":{\"@type\":\"ImageObject\",\"inLanguage\":\"en-US\",\"@id\":\"https:\/\/artisan-antiquites.be\/en\/#\/schema\/logo\/image\/\",\"url\":\"https:\/\/artisan-antiquites.be\/wp-content\/uploads\/2022\/05\/Logo.png\",\"contentUrl\":\"https:\/\/artisan-antiquites.be\/wp-content\/uploads\/2022\/05\/Logo.png\",\"width\":218,\"height\":36,\"caption\":\"Artisan antiquit\u00e9s\"},\"image\":{\"@id\":\"https:\/\/artisan-antiquites.be\/en\/#\/schema\/logo\/image\/\"}}]}<\/script>\n<!-- \/ Yoast SEO plugin. -->","yoast_head_json":{"title":"Accueil - Artisan antiquit\u00e9s","description":"Vous souhaitez acheter du mobilier d'antiquit\u00e9 ? Vous recherchez un meuble de collection \u00e0 prix raisonnable ? Un meuble ancien restaur\u00e9 ou non ? Fiez-vous \u00e0 artisan antiquit\u00e9s.","robots":{"index":"index","follow":"follow","max-snippet":"max-snippet:-1","max-image-preview":"max-image-preview:large","max-video-preview":"max-video-preview:-1"},"canonical":"https:\/\/artisan-antiquites.be\/en\/accueil\/","og_locale":"en_US","og_type":"article","og_title":"Accueil - Artisan antiquit\u00e9s","og_description":"Vous souhaitez acheter du mobilier d'antiquit\u00e9 ? Vous recherchez un meuble de collection \u00e0 prix raisonnable ? Un meuble ancien restaur\u00e9 ou non ? Fiez-vous \u00e0 artisan antiquit\u00e9s.","og_url":"https:\/\/artisan-antiquites.be\/en\/accueil\/","og_site_name":"Artisan antiquit\u00e9s","og_image":[{"url":"https:\/\/artisan-antiquites.be\/wp-content\/uploads\/2022\/05\/8-CHAISES-ET-FAUTEUIL-LOUIS-XIII-PI-5-1024x683.jpg"}],"twitter_card":"summary_large_image","twitter_misc":{"Est. reading time":"2 minutes"},"schema":{"@context":"https:\/\/schema.org","@graph":[{"@type":"WebPage","@id":"https:\/\/artisan-antiquites.be\/en\/accueil\/","url":"https:\/\/artisan-antiquites.be\/en\/accueil\/","name":"Accueil - Artisan antiquit\u00e9s","isPartOf":{"@id":"https:\/\/artisan-antiquites.be\/en\/#website"},"primaryImageOfPage":{"@id":"https:\/\/artisan-antiquites.be\/en\/accueil\/#primaryimage"},"image":{"@id":"https:\/\/artisan-antiquites.be\/en\/accueil\/#primaryimage"},"thumbnailUrl":"https:\/\/artisan-antiquites.be\/wp-content\/uploads\/2022\/05\/8-CHAISES-ET-FAUTEUIL-LOUIS-XIII-PI-5-1024x683.jpg","datePublished":"2022-05-25T19:48:56+00:00","dateModified":"2022-05-25T19:48:56+00:00","description":"Vous souhaitez acheter du mobilier d'antiquit\u00e9 ? Vous recherchez un meuble de collection \u00e0 prix raisonnable ? Un meuble ancien restaur\u00e9 ou non ? Fiez-vous \u00e0 artisan antiquit\u00e9s.","breadcrumb":{"@id":"https:\/\/artisan-antiquites.be\/en\/accueil\/#breadcrumb"},"inLanguage":"en-US","potentialAction":[{"@type":"ReadAction","target":["https:\/\/artisan-antiquites.be\/en\/accueil\/"]}]},{"@type":"ImageObject","inLanguage":"en-US","@id":"https:\/\/artisan-antiquites.be\/en\/accueil\/#primaryimage","url":"https:\/\/artisan-antiquites.be\/wp-content\/uploads\/2022\/05\/8-CHAISES-ET-FAUTEUIL-LOUIS-XIII-PI-5-1024x683.jpg","contentUrl":"https:\/\/artisan-antiquites.be\/wp-content\/uploads\/2022\/05\/8-CHAISES-ET-FAUTEUIL-LOUIS-XIII-PI-5-1024x683.jpg"},{"@type":"BreadcrumbList","@id":"https:\/\/artisan-antiquites.be\/en\/accueil\/#breadcrumb","itemListElement":[{"@type":"ListItem","position":1,"name":"Accueil","item":"https:\/\/artisan-antiquites.be\/en\/"},{"@type":"ListItem","position":2,"name":"Accueil"}]},{"@type":"WebSite","@id":"https:\/\/artisan-antiquites.be\/en\/#website","url":"https:\/\/artisan-antiquites.be\/en\/","name":"Artisan antiquit\u00e9s","description":"Restauration et vente de mobiliers d&#039;antiquit\u00e9 et de collection","publisher":{"@id":"https:\/\/artisan-antiquites.be\/en\/#organization"},"potentialAction":[{"@type":"SearchAction","target":{"@type":"EntryPoint","urlTemplate":"https:\/\/artisan-antiquites.be\/en\/?s={search_term_string}"},"query-input":"required name=search_term_string"}],"inLanguage":"en-US"},{"@type":"Organization","@id":"https:\/\/artisan-antiquites.be\/en\/#organization","name":"Artisan antiquit\u00e9s","url":"https:\/\/artisan-antiquites.be\/en\/","logo":{"@type":"ImageObject","inLanguage":"en-US","@id":"https:\/\/artisan-antiquites.be\/en\/#\/schema\/logo\/image\/","url":"https:\/\/artisan-antiquites.be\/wp-content\/uploads\/2022\/05\/Logo.png","contentUrl":"https:\/\/artisan-antiquites.be\/wp-content\/uploads\/2022\/05\/Logo.png","width":218,"height":36,"caption":"Artisan antiquit\u00e9s"},"image":{"@id":"https:\/\/artisan-antiquites.be\/en\/#\/schema\/logo\/image\/"}}]}},"_links":{"self":[{"href":"https:\/\/artisan-antiquites.be\/en\/wp-json\/wp\/v2\/pages\/1521","targetHints":{"allow":["GET"]}}],"collection":[{"href":"https:\/\/artisan-antiquites.be\/en\/wp-json\/wp\/v2\/pages"}],"about":[{"href":"https:\/\/artisan-antiquites.be\/en\/wp-json\/wp\/v2\/types\/page"}],"author":[{"embeddable":true,"href":"https:\/\/artisan-antiquites.be\/en\/wp-json\/wp\/v2\/users\/1"}],"replies":[{"embeddable":true,"href":"https:\/\/artisan-antiquites.be\/en\/wp-json\/wp\/v2\/comments?post=1521"}],"version-history":[{"count":0,"href":"https:\/\/artisan-antiquites.be\/en\/wp-json\/wp\/v2\/pages\/1521\/revisions"}],"wp:attachment":[{"href":"https:\/\/artisan-antiquites.be\/en\/wp-json\/wp\/v2\/media?parent=1521"}],"curies":[{"name":"wp","href":"https:\/\/api.w.org\/{rel}","templated":true}]}}